{"version":"1.0","provider_name":"Blog Autosphere","provider_url":"https:\/\/www.autosphere.fr\/blog","title":"L\u2019\u00c9lys\u00e9e roulera bient\u00f4t en tout \u00e9lectrique ? - Blog Autosphere","type":"rich","width":600,"height":338,"html":"<blockquote class=\"wp-embedded-content\" data-secret=\"kQXDoyhQYE\"><a href=\"https:\/\/www.autosphere.fr\/blog\/lelysee-roulera-bientot-en-tout-electrique\/\">L\u2019\u00c9lys\u00e9e roulera bient\u00f4t en tout \u00e9lectrique ?<\/a><\/blockquote><iframe sandbox=\"allow-scripts\" security=\"restricted\" src=\"https:\/\/www.autosphere.fr\/blog\/lelysee-roulera-bientot-en-tout-electrique\/embed\/#?secret=kQXDoyhQYE\" width=\"600\" height=\"338\" title=\"\u00ab\u00a0L\u2019\u00c9lys\u00e9e roulera bient\u00f4t en tout \u00e9lectrique ?\u00a0\u00bb &#8212; Blog Autosphere\" data-secret=\"kQXDoyhQYE\" frameborder=\"0\" marginwidth=\"0\" marginheight=\"0\" scrolling=\"no\" class=\"wp-embedded-content\"><\/iframe><script>\n\/*! This file is auto-generated *\/\n!function(d,l){\"use strict\";l.querySelector&&d.addEventListener&&\"undefined\"!=typeof URL&&(d.wp=d.wp||{},d.wp.receiveEmbedMessage||(d.wp.receiveEmbedMessage=function(e){var t=e.data;if((t||t.secret||t.message||t.value)&&!\/[^a-zA-Z0-9]\/.test(t.secret)){for(var s,r,n,a=l.querySelectorAll('iframe[data-secret=\"'+t.secret+'\"]'),o=l.querySelectorAll('blockquote[data-secret=\"'+t.secret+'\"]'),c=new RegExp(\"^https?:$\",\"i\"),i=0;i<o.length;i++)o[i].style.display=\"none\";for(i=0;i<a.length;i++)s=a[i],e.source===s.contentWindow&&(s.removeAttribute(\"style\"),\"height\"===t.message?(1e3<(r=parseInt(t.value,10))?r=1e3:~~r<200&&(r=200),s.height=r):\"link\"===t.message&&(r=new URL(s.getAttribute(\"src\")),n=new URL(t.value),c.test(n.protocol))&&n.host===r.host&&l.activeElement===s&&(d.top.location.href=t.value))}},d.addEventListener(\"message\",d.wp.receiveEmbedMessage,!1),l.addEventListener(\"DOMContentLoaded\",function(){for(var e,t,s=l.querySelectorAll(\"iframe.wp-embedded-content\"),r=0;r<s.length;r++)(t=(e=s[r]).getAttribute(\"data-secret\"))||(t=Math.random().toString(36).substring(2,12),e.src+=\"#?secret=\"+t,e.setAttribute(\"data-secret\",t)),e.contentWindow.postMessage({message:\"ready\",secret:t},\"*\")},!1)))}(window,document);\n\/\/# sourceURL=https:\/\/www.autosphere.fr\/blog\/wp-includes\/js\/wp-embed.min.js\n<\/script>\n","thumbnail_url":"https:\/\/www.autosphere.fr\/blog\/wp-content\/uploads\/2022\/11\/cb751af9945e1275b56073af715531c9.jpeg","thumbnail_width":400,"thumbnail_height":210,"description":"Lorsqu\u2019il se d\u00e9place en voiture, Fran\u00e7ois Hollande monte \u00e0 bord d\u2019une Citro\u00ebn DS5 (parfois Hybrid4) ou d\u2019une Citro\u00ebn C6. Mais d\u2019ici 2014, le parc automobile de la pr\u00e9sidence de la R\u00e9publique pourrait passer au tout \u00e9lectrique. Les services de l\u2019\u00c9lys\u00e9e dispose d\u2019un parc automobile cons\u00e9quent. Environ une centaine de voitures parmi lesquelles des Peugeot 308, [&hellip;]"}